{"id":11878,"date":"2022-04-15T15:02:22","date_gmt":"2022-04-15T13:02:22","guid":{"rendered":"https:\/\/salzburgerheimatwerk.at\/produkt\/cd-salzburger-adventsingen-2021-fuerchte-dich-nicht\/"},"modified":"2026-04-28T14:28:57","modified_gmt":"2026-04-28T12:28:57","slug":"cd-salzburger-adventsingen-2021-fuerchte-dich-nicht","status":"publish","type":"product","link":"https:\/\/www.salzburgerheimatwerk.at\/en\/produkt\/cd-salzburger-adventsingen-2021-fuerchte-dich-nicht\/","title":{"rendered":"CD Salzburger Adventsingen 2021 &#8220;F\u00fcrchte dich nicht&#8221;"},"content":{"rendered":"<p>Dieses Salzburger Jubil\u00e4ums-Adventsingen f\u00fchrt uns gedanklich zur\u00fcck in die Zeit vor Christi Geburt und betrachtet das adventliche Geschehen um Maria und Josef aus j\u00fcdischer Perspektive mit einer ganz neuen, ber\u00fchrenden szenischen Darstellung von Hans K\u00f6hl.<br \/>\nDie gef\u00fchlvollen kompositorischen Kl\u00e4nge von Shane Woodborne harmonieren wunderbar mit den alpenl\u00e4ndischen Liedern und Weisen, dargeboten von besten Ensembles dieses Genres.<\/p>\n<p>Diese Doppel-CD konnte noch kurz vor dem Corona-Lockdown im Advent 2021 w\u00e4hrend der Probenphase produziert werden und ist somit ein einzigartiges, zudem wirklich h\u00f6renswertes Ton-Dokument, denn alle 17 Auff\u00fchrungen mit Publikum im Gro\u00dfen Festspielhaus konnten nicht stattfinden.<\/p>\n<p>Doppel-CD 2021<br \/>\nCD1: 27 Titel<br \/>\nCD2: 26 Titel<br \/>\nSpieldauer: 95min<\/p>\n<audio class=\"wp-audio-shortcode\" id=\"audio-11878-1\" preload=\"none\" style=\"width: 100%;\" controls=\"controls\"><source type=\"audio\/mpeg\" src=\"https:\/\/www.salzburgerheimatwerk.at\/wp-content\/uploads\/2022\/04\/testhoerpobe.mp3?_=1\" \/><a href=\"https:\/\/www.salzburgerheimatwerk.at\/wp-content\/uploads\/2022\/04\/testhoerpobe.mp3\">https:\/\/www.salzburgerheimatwerk.at\/wp-content\/uploads\/2022\/04\/testhoerpobe.mp3<\/a><\/audio>\n","protected":false},"excerpt":{"rendered":"<p>Dieses Salzburger Jubil\u00e4ums-Adventsingen f\u00fchrt uns gedanklich zur\u00fcck in die Zeit vor Christi Geburt und betrachtet das adventliche Geschehen um Maria und Josef aus j\u00fcdischer&#8230;<\/p>\n","protected":false},"featured_media":288537,"template":"","meta":{"_acf_changed":false},"product_brand":[],"product_cat":[1218,1263],"product_tag":[1177],"class_list":{"0":"post-11878","1":"product","2":"type-product","3":"status-publish","4":"has-post-thumbnail","6":"pricegroup-1171","7":"pricegroup-1172","8":"productgroup-1173","9":"productgroup-1174","10":"product_cat-buecher-cds","11":"product_cat-cds-buecher-cds","12":"product_tag-salzburger-adventsingen-2021-fuerchte-dich-nicht","14":"first","15":"instock","16":"taxable","17":"shipping-taxable","18":"purchasable","19":"product-type-simple"},"acf":[],"jetpack_sharing_enabled":true,"_links":{"self":[{"href":"https:\/\/www.salzburgerheimatwerk.at\/en\/wp-json\/wp\/v2\/product\/11878","targetHints":{"allow":["GET"]}}],"collection":[{"href":"https:\/\/www.salzburgerheimatwerk.at\/en\/wp-json\/wp\/v2\/product"}],"about":[{"href":"https:\/\/www.salzburgerheimatwerk.at\/en\/wp-json\/wp\/v2\/types\/product"}],"wp:featuredmedia":[{"embeddable":true,"href":"https:\/\/www.salzburgerheimatwerk.at\/en\/wp-json\/wp\/v2\/media\/288537"}],"wp:attachment":[{"href":"https:\/\/www.salzburgerheimatwerk.at\/en\/wp-json\/wp\/v2\/media?parent=11878"}],"wp:term":[{"taxonomy":"product_brand","embeddable":true,"href":"https:\/\/www.salzburgerheimatwerk.at\/en\/wp-json\/wp\/v2\/product_brand?post=11878"},{"taxonomy":"product_cat","embeddable":true,"href":"https:\/\/www.salzburgerheimatwerk.at\/en\/wp-json\/wp\/v2\/product_cat?post=11878"},{"taxonomy":"product_tag","embeddable":true,"href":"https:\/\/www.salzburgerheimatwerk.at\/en\/wp-json\/wp\/v2\/product_tag?post=11878"}],"curies":[{"name":"wp","href":"https:\/\/api.w.org\/{rel}","templated":true}]}}