{"id":205522,"date":"2022-09-29T09:42:03","date_gmt":"2022-09-29T07:42:03","guid":{"rendered":"https:\/\/www.salzburgerheimatwerk.at\/produkt\/eau-de-parfum-graugeflammt-75ml\/"},"modified":"2026-04-28T20:20:12","modified_gmt":"2026-04-28T18:20:12","slug":"eau-de-parfum-graugeflammt-75ml","status":"publish","type":"product","link":"https:\/\/www.salzburgerheimatwerk.at\/en\/produkt\/eau-de-parfum-graugeflammt-75ml\/","title":{"rendered":"Eau de Parfum &#8220;Graugeflammt&#8221; 75ml"},"content":{"rendered":"<p>CWC Grau geflammt unterstreicht dieses Lebensgef\u00fchl und l\u00e4sst uns eintauchen in die Welt der Musik, der Kulinarik und der Historie \u2013 in eine Welt der Tradition, wo Werte \u00fcber Generationen hinweg weitergegeben werden und die unsere St\u00e4dte zu jenen Orten machen, an die wir immer wieder gerne zur\u00fcckkehren. W\u00e4rmend, geborgen und sinnlich. Stets an unserer Seite, stets ein dezenter Begleiter.<\/p>\n<p>Duftkomposition:<br \/>\nKopfnote: Schwarzer Pfeffer, Sonnenblume, Maigl\u00f6ckchen<br \/>\nHerznote: Heliotrop, Dunkle H\u00f6lzer, Amber<br \/>\nBasisnote: Oude, Vanille, Moschus, Sandelholz<\/p>\n<p>Nachhaltigkeit:<br \/>\nDer leere Parfum-Flakon kann in einem Wasserbad (80 \u00b0C) nach ca. 45 min vom Keramik-Teil getrennt werden, und als Sammlerst\u00fcck individuell weiterverwendet werden.<\/p>\n<p>R\u00fccknahme nur in unge\u00f6ffneter Originalverpackung und unbesch\u00e4digten Siegel-Aufkleber<\/p>\n","protected":false},"excerpt":{"rendered":"<p>CWC Grau geflammt unterstreicht dieses Lebensgef\u00fchl und l\u00e4sst uns eintauchen in die Welt der Musik, der Kulinarik und der Historie \u2013 in eine Welt&#8230;<\/p>\n","protected":false},"featured_media":294058,"template":"","meta":{"_acf_changed":false},"product_brand":[],"product_cat":[48,57],"product_tag":[1540],"class_list":{"0":"post-205522","1":"product","2":"type-product","3":"status-publish","4":"has-post-thumbnail","6":"pricegroup-1111","7":"pricegroup-1112","8":"productgroup-1113","9":"productgroup-1114","10":"product_cat-damentracht","11":"product_cat-accessoires","12":"product_tag-eau-de-parfum-geflammt-75ml","14":"first","15":"instock","16":"taxable","17":"shipping-taxable","18":"purchasable","19":"product-type-simple"},"acf":[],"jetpack_sharing_enabled":true,"_links":{"self":[{"href":"https:\/\/www.salzburgerheimatwerk.at\/en\/wp-json\/wp\/v2\/product\/205522","targetHints":{"allow":["GET"]}}],"collection":[{"href":"https:\/\/www.salzburgerheimatwerk.at\/en\/wp-json\/wp\/v2\/product"}],"about":[{"href":"https:\/\/www.salzburgerheimatwerk.at\/en\/wp-json\/wp\/v2\/types\/product"}],"wp:featuredmedia":[{"embeddable":true,"href":"https:\/\/www.salzburgerheimatwerk.at\/en\/wp-json\/wp\/v2\/media\/294058"}],"wp:attachment":[{"href":"https:\/\/www.salzburgerheimatwerk.at\/en\/wp-json\/wp\/v2\/media?parent=205522"}],"wp:term":[{"taxonomy":"product_brand","embeddable":true,"href":"https:\/\/www.salzburgerheimatwerk.at\/en\/wp-json\/wp\/v2\/product_brand?post=205522"},{"taxonomy":"product_cat","embeddable":true,"href":"https:\/\/www.salzburgerheimatwerk.at\/en\/wp-json\/wp\/v2\/product_cat?post=205522"},{"taxonomy":"product_tag","embeddable":true,"href":"https:\/\/www.salzburgerheimatwerk.at\/en\/wp-json\/wp\/v2\/product_tag?post=205522"}],"curies":[{"name":"wp","href":"https:\/\/api.w.org\/{rel}","templated":true}]}}