{"id":317255,"date":"2024-08-09T08:16:18","date_gmt":"2024-08-09T06:16:18","guid":{"rendered":"https:\/\/www.salzburgerheimatwerk.at\/produkt\/lederjacke-aus-saem-bergziege\/"},"modified":"2026-04-28T20:25:10","modified_gmt":"2026-04-28T18:25:10","slug":"lederjacke-aus-saem-bergziege","status":"publish","type":"product","link":"https:\/\/www.salzburgerheimatwerk.at\/en\/produkt\/lederjacke-aus-saem-bergziege\/","title":{"rendered":"Lederjacke aus s\u00e4m. Bergziege"},"content":{"rendered":"<p>Ein St\u00fcck f\u00fcr die Ewigkeit \u2013 dies trifft auf diese herrliche; s\u00e4misch gegerbte Bergziegenjacke zu. Leicht taillierte Passform, feinstes Leder wurde hier hochwertig verarbeitet. Stehkragenjacke mit B\u00fcffelhornkn\u00f6pfen, Vorderteil mit Loden gef\u00fcttert, zwei Innentaschen. Mit dieser Jacke sind Sie f\u00fcr jeden Anlass perfekt gekleidet.<\/p>\n<p>Naturverbundenheit, Handwerk und Tradition sind Werte, die bei unserer S\u00e4ckler Manufaktur gelebt werden. Lederbekleidung, die eine Geschichte erz\u00e4hlt. Mode, die auf Tradition und Leidenschaft setzt und den aufwendigen Brauch des S\u00e4ckler Handwerks neu interpretiert.<\/p>\n<p>Hier trifft eine hochwertige Verarbeitung, kombiniert mit perfekter Passform und dem Besten aus der Natur, auf edle Rohfelle, die von Hand nach uraltem Rezept mit hoher Nachhaltigkeit s\u00e4misch gegerbt werden und \u00f6kologisch abbaubar sind. Das macht das Handwerk wertvoll und diese Ledermode einzigartig.<\/p>\n","protected":false},"excerpt":{"rendered":"<p>Ein St\u00fcck f\u00fcr die Ewigkeit \u2013 dies trifft auf diese herrliche; s\u00e4misch gegerbte Bergziegenjacke zu. Leicht taillierte Passform, feinstes Leder wurde hier hochwertig verarbeitet&#8230;.<\/p>\n","protected":false},"featured_media":343748,"template":"","meta":{"_acf_changed":false},"product_brand":[],"product_cat":[59,61,1222],"product_tag":[2381],"class_list":{"0":"post-317255","1":"product","2":"type-product","3":"status-publish","4":"has-post-thumbnail","6":"pricegroup-859","7":"pricegroup-166","8":"productgroup-174","9":"productgroup-860","10":"product_cat-herrentracht","11":"product_cat-jacken-maentel","12":"product_cat-sakko","13":"product_tag-lederjacke-bergziege","15":"first","16":"instock","17":"taxable","18":"shipping-taxable","19":"purchasable","20":"product-type-variable","21":"has-default-attributes"},"acf":[],"jetpack_sharing_enabled":true,"_links":{"self":[{"href":"https:\/\/www.salzburgerheimatwerk.at\/en\/wp-json\/wp\/v2\/product\/317255","targetHints":{"allow":["GET"]}}],"collection":[{"href":"https:\/\/www.salzburgerheimatwerk.at\/en\/wp-json\/wp\/v2\/product"}],"about":[{"href":"https:\/\/www.salzburgerheimatwerk.at\/en\/wp-json\/wp\/v2\/types\/product"}],"wp:featuredmedia":[{"embeddable":true,"href":"https:\/\/www.salzburgerheimatwerk.at\/en\/wp-json\/wp\/v2\/media\/343748"}],"wp:attachment":[{"href":"https:\/\/www.salzburgerheimatwerk.at\/en\/wp-json\/wp\/v2\/media?parent=317255"}],"wp:term":[{"taxonomy":"product_brand","embeddable":true,"href":"https:\/\/www.salzburgerheimatwerk.at\/en\/wp-json\/wp\/v2\/product_brand?post=317255"},{"taxonomy":"product_cat","embeddable":true,"href":"https:\/\/www.salzburgerheimatwerk.at\/en\/wp-json\/wp\/v2\/product_cat?post=317255"},{"taxonomy":"product_tag","embeddable":true,"href":"https:\/\/www.salzburgerheimatwerk.at\/en\/wp-json\/wp\/v2\/product_tag?post=317255"}],"curies":[{"name":"wp","href":"https:\/\/api.w.org\/{rel}","templated":true}]}}