{"id":321481,"date":"2024-10-04T08:16:21","date_gmt":"2024-10-04T06:16:21","guid":{"rendered":"https:\/\/www.salzburgerheimatwerk.at\/produkt\/herrenjacke-gruen\/"},"modified":"2026-04-28T18:27:08","modified_gmt":"2026-04-28T16:27:08","slug":"herrenjacke-gruen","status":"publish","type":"product","link":"https:\/\/www.salzburgerheimatwerk.at\/en\/produkt\/herrenjacke-gruen\/","title":{"rendered":"Herrenjacke gr\u00fcn"},"content":{"rendered":"<p>Das leicht taillierte Herren Trachten-Sakko Salon Steirer aus dem Hause Lodenfrey \u00fcberzeugt in hochwertiger Qualit\u00e4t aus Wollstoff mit Fischgrat-Muster in einem frischen Gr\u00fcn. Das Modell besitzt zudem einen Reverskragen mit Kontrastbesatz sowie Passepoillierung in dunklem gr\u00fcn und Senfgelb, zwei Pattentaschen, eine Brustleistentasche, eine Billetttasche und echte Hirschhornkn\u00f6pfe. Der Unterkragen sowie die Patches an den \u00c4rmeln sind aus Leder gefertigt. Zwei seitliche R\u00fcckenschlitze vervollst\u00e4ndigen das Design.<\/p>\n","protected":false},"excerpt":{"rendered":"<p>Das leicht taillierte Herren Trachten-Sakko Salon Steirer aus dem Hause Lodenfrey \u00fcberzeugt in hochwertiger Qualit\u00e4t aus Wollstoff mit Fischgrat-Muster in einem frischen Gr\u00fcn. Das&#8230;<\/p>\n","protected":false},"featured_media":343794,"template":"","meta":{"_acf_changed":false},"product_brand":[],"product_cat":[1222,59,61],"product_tag":[853],"class_list":{"0":"post-321481","1":"product","2":"type-product","3":"status-publish","4":"has-post-thumbnail","6":"pricegroup-166","7":"pricegroup-850","8":"productgroup-851","9":"productgroup-174","10":"product_cat-sakko","11":"product_cat-herrentracht","12":"product_cat-jacken-maentel","13":"product_tag-herrenjacke","14":"pa_farbe-braun","15":"pa_farbe-mehrfarbig","16":"pa_farbe-gruen","17":"pa_farbe-gelb","19":"first","20":"instock","21":"taxable","22":"shipping-taxable","23":"purchasable","24":"product-type-variable","25":"has-default-attributes"},"acf":[],"jetpack_sharing_enabled":true,"_links":{"self":[{"href":"https:\/\/www.salzburgerheimatwerk.at\/en\/wp-json\/wp\/v2\/product\/321481","targetHints":{"allow":["GET"]}}],"collection":[{"href":"https:\/\/www.salzburgerheimatwerk.at\/en\/wp-json\/wp\/v2\/product"}],"about":[{"href":"https:\/\/www.salzburgerheimatwerk.at\/en\/wp-json\/wp\/v2\/types\/product"}],"wp:featuredmedia":[{"embeddable":true,"href":"https:\/\/www.salzburgerheimatwerk.at\/en\/wp-json\/wp\/v2\/media\/343794"}],"wp:attachment":[{"href":"https:\/\/www.salzburgerheimatwerk.at\/en\/wp-json\/wp\/v2\/media?parent=321481"}],"wp:term":[{"taxonomy":"product_brand","embeddable":true,"href":"https:\/\/www.salzburgerheimatwerk.at\/en\/wp-json\/wp\/v2\/product_brand?post=321481"},{"taxonomy":"product_cat","embeddable":true,"href":"https:\/\/www.salzburgerheimatwerk.at\/en\/wp-json\/wp\/v2\/product_cat?post=321481"},{"taxonomy":"product_tag","embeddable":true,"href":"https:\/\/www.salzburgerheimatwerk.at\/en\/wp-json\/wp\/v2\/product_tag?post=321481"}],"curies":[{"name":"wp","href":"https:\/\/api.w.org\/{rel}","templated":true}]}}