{"id":334480,"date":"2025-03-21T07:16:09","date_gmt":"2025-03-21T06:16:09","guid":{"rendered":"https:\/\/www.salzburgerheimatwerk.at\/produkt\/damenjacke-2\/"},"modified":"2026-04-28T20:27:11","modified_gmt":"2026-04-28T18:27:11","slug":"damenjacke-2","status":"publish","type":"product","link":"https:\/\/www.salzburgerheimatwerk.at\/en\/produkt\/damenjacke-2\/","title":{"rendered":"Damenjacke"},"content":{"rendered":"<p>Sommerliche Kurzjacke aus reiner Baumwolle. Durch den gewebten Stoff und die unterschiedlichen Gr\u00fcnt\u00f6ne ist sie perfekt zu R\u00f6cken, Kleidern und Hosen kombinierbar. Kurze \u00c4rmel und praktische Eingrifftaschen machen diese Jacke zum Sommerlichen &#8220;must have&#8221; &#8211; R\u00fcckenl\u00e4nge ca. 49cm<\/p>\n","protected":false},"excerpt":{"rendered":"<p>Sommerliche Kurzjacke aus reiner Baumwolle. Durch den gewebten Stoff und die unterschiedlichen Gr\u00fcnt\u00f6ne ist sie perfekt zu R\u00f6cken, Kleidern und Hosen kombinierbar. Kurze \u00c4rmel&#8230;<\/p>\n","protected":false},"featured_media":334612,"template":"","meta":{"_acf_changed":false},"product_brand":[],"product_cat":[48,304],"product_tag":[309],"class_list":{"0":"post-334480","1":"product","2":"type-product","3":"status-publish","4":"has-post-thumbnail","6":"pricegroup-202","7":"pricegroup-302","8":"productgroup-204","9":"productgroup-303","10":"product_cat-damentracht","11":"product_cat-jacken-maentel-damentracht","12":"product_tag-damenjacke","13":"pa_farbe-mehrfarbig","14":"pa_farbe-gruen","16":"first","17":"instock","18":"taxable","19":"shipping-taxable","20":"purchasable","21":"product-type-variable","22":"has-default-attributes"},"acf":[],"jetpack_sharing_enabled":true,"_links":{"self":[{"href":"https:\/\/www.salzburgerheimatwerk.at\/en\/wp-json\/wp\/v2\/product\/334480","targetHints":{"allow":["GET"]}}],"collection":[{"href":"https:\/\/www.salzburgerheimatwerk.at\/en\/wp-json\/wp\/v2\/product"}],"about":[{"href":"https:\/\/www.salzburgerheimatwerk.at\/en\/wp-json\/wp\/v2\/types\/product"}],"wp:featuredmedia":[{"embeddable":true,"href":"https:\/\/www.salzburgerheimatwerk.at\/en\/wp-json\/wp\/v2\/media\/334612"}],"wp:attachment":[{"href":"https:\/\/www.salzburgerheimatwerk.at\/en\/wp-json\/wp\/v2\/media?parent=334480"}],"wp:term":[{"taxonomy":"product_brand","embeddable":true,"href":"https:\/\/www.salzburgerheimatwerk.at\/en\/wp-json\/wp\/v2\/product_brand?post=334480"},{"taxonomy":"product_cat","embeddable":true,"href":"https:\/\/www.salzburgerheimatwerk.at\/en\/wp-json\/wp\/v2\/product_cat?post=334480"},{"taxonomy":"product_tag","embeddable":true,"href":"https:\/\/www.salzburgerheimatwerk.at\/en\/wp-json\/wp\/v2\/product_tag?post=334480"}],"curies":[{"name":"wp","href":"https:\/\/api.w.org\/{rel}","templated":true}]}}