{"id":334688,"date":"2025-03-27T07:16:05","date_gmt":"2025-03-27T06:16:05","guid":{"rendered":"https:\/\/www.salzburgerheimatwerk.at\/produkt\/salon-steirer\/"},"modified":"2026-04-28T18:27:08","modified_gmt":"2026-04-28T16:27:08","slug":"salon-steirer","status":"publish","type":"product","link":"https:\/\/www.salzburgerheimatwerk.at\/en\/produkt\/salon-steirer\/","title":{"rendered":"Salon Steirer"},"content":{"rendered":"<p>Eleganter Salonsteirer aus J\u00e4gerleinen mit Hirschhornkn\u00f6pfen. Das Revers, die vordere Kante und der Kragen sind mit gr\u00fcnem Loden abgesetzt. Klassische Pattentaschen und zwei Schlitze im R\u00fccken vervollst\u00e4ndigen diese Jacke. Perfekt f\u00fcr jeden Anlass passt dieses Sakko zur Lederhose genau so wie zur Lodenhose!<\/p>\n","protected":false},"excerpt":{"rendered":"<p>Eleganter Salonsteirer aus J\u00e4gerleinen mit Hirschhornkn\u00f6pfen. Das Revers, die vordere Kante und der Kragen sind mit gr\u00fcnem Loden abgesetzt. Klassische Pattentaschen und zwei Schlitze&#8230;<\/p>\n","protected":false},"featured_media":343769,"template":"","meta":{"_acf_changed":false},"product_brand":[],"product_cat":[1222,59,61],"product_tag":[853],"class_list":{"0":"post-334688","1":"product","2":"type-product","3":"status-publish","4":"has-post-thumbnail","6":"pricegroup-166","7":"pricegroup-850","8":"productgroup-851","9":"productgroup-174","10":"product_cat-sakko","11":"product_cat-herrentracht","12":"product_cat-jacken-maentel","13":"product_tag-herrenjacke","14":"pa_farbe-beige","16":"first","17":"instock","18":"taxable","19":"shipping-taxable","20":"purchasable","21":"product-type-variable","22":"has-default-attributes"},"acf":[],"jetpack_sharing_enabled":true,"_links":{"self":[{"href":"https:\/\/www.salzburgerheimatwerk.at\/en\/wp-json\/wp\/v2\/product\/334688","targetHints":{"allow":["GET"]}}],"collection":[{"href":"https:\/\/www.salzburgerheimatwerk.at\/en\/wp-json\/wp\/v2\/product"}],"about":[{"href":"https:\/\/www.salzburgerheimatwerk.at\/en\/wp-json\/wp\/v2\/types\/product"}],"wp:featuredmedia":[{"embeddable":true,"href":"https:\/\/www.salzburgerheimatwerk.at\/en\/wp-json\/wp\/v2\/media\/343769"}],"wp:attachment":[{"href":"https:\/\/www.salzburgerheimatwerk.at\/en\/wp-json\/wp\/v2\/media?parent=334688"}],"wp:term":[{"taxonomy":"product_brand","embeddable":true,"href":"https:\/\/www.salzburgerheimatwerk.at\/en\/wp-json\/wp\/v2\/product_brand?post=334688"},{"taxonomy":"product_cat","embeddable":true,"href":"https:\/\/www.salzburgerheimatwerk.at\/en\/wp-json\/wp\/v2\/product_cat?post=334688"},{"taxonomy":"product_tag","embeddable":true,"href":"https:\/\/www.salzburgerheimatwerk.at\/en\/wp-json\/wp\/v2\/product_tag?post=334688"}],"curies":[{"name":"wp","href":"https:\/\/api.w.org\/{rel}","templated":true}]}}