{"id":334788,"date":"2025-03-27T07:16:32","date_gmt":"2025-03-27T06:16:32","guid":{"rendered":"https:\/\/www.salzburgerheimatwerk.at\/produkt\/dirndl-malve\/"},"modified":"2026-04-28T18:29:09","modified_gmt":"2026-04-28T16:29:09","slug":"dirndl-malve","status":"publish","type":"product","link":"https:\/\/www.salzburgerheimatwerk.at\/en\/produkt\/dirndl-malve\/","title":{"rendered":"Dirndl Malve"},"content":{"rendered":"<p>Sommerliches Dirndl mit Leinenleib im Miederschnitt mit Perlumttkn\u00f6pfen. Der Baumwollrock aus Satin mit Schattendruck ist in Bahnen geschnitten (L\u00e4nge 70cm) und schwingt bei jedem Schritt festlich mit. Die Sch\u00fcrze in Handdruckoptik passt perfekt dazu und erinnert an viele sch\u00f6ne Sommertage.<\/p>\n","protected":false},"excerpt":{"rendered":"<p>Sommerliches Dirndl mit Leinenleib im Miederschnitt mit Perlumttkn\u00f6pfen. Der Baumwollrock aus Satin mit Schattendruck ist in Bahnen geschnitten (L\u00e4nge 70cm) und schwingt bei jedem&#8230;<\/p>\n","protected":false},"featured_media":334793,"template":"","meta":{"_acf_changed":false},"product_brand":[],"product_cat":[48,49],"product_tag":[2558],"class_list":{"0":"post-334788","1":"product","2":"type-product","3":"status-publish","4":"has-post-thumbnail","6":"pricegroup-312","7":"pricegroup-202","8":"productgroup-313","9":"productgroup-204","10":"product_cat-damentracht","11":"product_cat-dirndl-kleider","12":"product_tag-dirndl-malve","13":"pa_farbe-rosa","14":"pa_farbe-mehrfarbig","15":"pa_farbe-blau","17":"first","18":"instock","19":"taxable","20":"shipping-taxable","21":"purchasable","22":"product-type-variable"},"acf":[],"jetpack_sharing_enabled":true,"_links":{"self":[{"href":"https:\/\/www.salzburgerheimatwerk.at\/en\/wp-json\/wp\/v2\/product\/334788","targetHints":{"allow":["GET"]}}],"collection":[{"href":"https:\/\/www.salzburgerheimatwerk.at\/en\/wp-json\/wp\/v2\/product"}],"about":[{"href":"https:\/\/www.salzburgerheimatwerk.at\/en\/wp-json\/wp\/v2\/types\/product"}],"wp:featuredmedia":[{"embeddable":true,"href":"https:\/\/www.salzburgerheimatwerk.at\/en\/wp-json\/wp\/v2\/media\/334793"}],"wp:attachment":[{"href":"https:\/\/www.salzburgerheimatwerk.at\/en\/wp-json\/wp\/v2\/media?parent=334788"}],"wp:term":[{"taxonomy":"product_brand","embeddable":true,"href":"https:\/\/www.salzburgerheimatwerk.at\/en\/wp-json\/wp\/v2\/product_brand?post=334788"},{"taxonomy":"product_cat","embeddable":true,"href":"https:\/\/www.salzburgerheimatwerk.at\/en\/wp-json\/wp\/v2\/product_cat?post=334788"},{"taxonomy":"product_tag","embeddable":true,"href":"https:\/\/www.salzburgerheimatwerk.at\/en\/wp-json\/wp\/v2\/product_tag?post=334788"}],"curies":[{"name":"wp","href":"https:\/\/api.w.org\/{rel}","templated":true}]}}